{"id":151,"date":"2022-02-10T14:08:45","date_gmt":"2022-02-10T13:08:45","guid":{"rendered":"https:\/\/location-plouharnel.fr\/?page_id=151"},"modified":"2022-02-11T14:38:41","modified_gmt":"2022-02-11T13:38:41","slug":"decouvrir-le-morbihan","status":"publish","type":"page","link":"https:\/\/location-plouharnel.fr\/index.php\/decouvrir-le-morbihan\/","title":{"rendered":"D\u00e9couvrir le Morbihan"},"content":{"rendered":"\n<p>Parce qu&#8217;en Bretagne, il ne pleut que sur les c***, abandonnez vos pr\u00e9jug\u00e9s et venez prendre un grand bol d&#8217;air frais ! Cap sur la Bretagne Sud, \u00e0 la d\u00e9couverte du Morbihan, qui vous r\u00e9serve bien des surprises ! Aventuriers, curieux, amoureux de paysages incroyables et de randonn\u00e9es inoubliables, le Morbihan offre des exp\u00e9riences pour tous ceux qui souhaitent venir le d\u00e9couvrir !<\/p>\n\n\n\n<figure class=\"wp-block-image alignfull size-large\"><img loading=\"lazy\" decoding=\"async\" width=\"1024\" height=\"576\" src=\"https:\/\/location-plouharnel.fr\/wp-content\/uploads\/2022\/02\/ocean-g69e925e56-1920-1024x576.jpg\" alt=\"\" class=\"wp-image-171\" srcset=\"https:\/\/location-plouharnel.fr\/wp-content\/uploads\/2022\/02\/ocean-g69e925e56-1920-1024x576.jpg 1024w, https:\/\/location-plouharnel.fr\/wp-content\/uploads\/2022\/02\/ocean-g69e925e56-1920-300x169.jpg 300w, https:\/\/location-plouharnel.fr\/wp-content\/uploads\/2022\/02\/ocean-g69e925e56-1920-768x432.jpg 768w, https:\/\/location-plouharnel.fr\/wp-content\/uploads\/2022\/02\/ocean-g69e925e56-1920-1536x864.jpg 1536w, https:\/\/location-plouharnel.fr\/wp-content\/uploads\/2022\/02\/ocean-g69e925e56-1920.jpg 1920w\" sizes=\"auto, (max-width: 1024px) 100vw, 1024px\" \/><\/figure>\n\n\n\n<div style=\"height:20px\" aria-hidden=\"true\" class=\"wp-block-spacer\"><\/div>\n\n\n\n<h2 class=\"wp-block-heading\" id=\"prenez-le-temps-de-decouvrir-un-territoire-aux-paysages-varies\">Prenez le temps de d\u00e9couvrir un territoire aux paysages vari\u00e9s<\/h2>\n\n\n\n<p>Vous h\u00e9sitez entre terre et mer alors le Morbihan saura vous ravir ! Le Golfe du Morbihan unie avec \u00e9l\u00e9gance oc\u00e9an et contient. D&#8217;ailleurs, le saviez-vous ? &#8220;<em>Mor-Bihan<\/em>&#8221; signifie &#8220;petite mer&#8221;. Riche d&#8217;un patrimoine historique fort, notre territoire, si vous le souhaitez, saura vous faire d\u00e9couvrir ses moindres secrets !<\/p>\n\n\n\n<figure class=\"wp-block-pullquote\"><blockquote><p>&#8220;Le Morbihan, une terre d&#8217;\u00e9motions&#8221;<\/p><\/blockquote><\/figure>\n\n\n\n<p><strong>C\u00f4t\u00e9 nature<\/strong>, les opportunit\u00e9s ne manquent pas ! Partez \u00e0 la d\u00e9couverte de la campagne morbihannaise et apprenez en plus sur l&#8217;histoire de ses villages pittoresques : Arpentez les ruelles du <a href=\"https:\/\/www.baiedequiberon.bzh\/port-saint-goustan-auray\" target=\"_blank\" rel=\"noreferrer noopener\">port de St Goustan<\/a> \u00e0 Auray, tentez de r\u00e9soudre l&#8217;\u00e9nigme des <a href=\"http:\/\/www.menhirs-carnac.fr\/#\" target=\"_blank\" rel=\"noreferrer noopener\">alignements de Carnac<\/a>, baladez vous le long de la <a href=\"https:\/\/www.morbihan.com\/accueil\/decouvrir\/le-morbihan\/les-incontournables\/la-ria-d-etel\" target=\"_blank\" rel=\"noreferrer noopener\">Ria d&#8217;Etel<\/a> et admirez les trimarans sur le <a href=\"https:\/\/port-la-trinite-sur-mer.com\/\" target=\"_blank\" rel=\"noreferrer noopener\">port de la Trinit\u00e9-sur-Mer<\/a> !<\/p>\n\n\n\n<figure class=\"wp-block-gallery has-nested-images columns-default is-cropped wp-block-gallery-1 is-layout-flex wp-block-gallery-is-layout-flex\">\n<figure class=\"wp-block-image size-large\"><img loading=\"lazy\" decoding=\"async\" width=\"1024\" height=\"683\" data-id=\"179\" src=\"https:\/\/location-plouharnel.fr\/wp-content\/uploads\/2022\/02\/alignements-de-carnac-1024x683.jpg\" alt=\"\" class=\"wp-image-179\" srcset=\"https:\/\/location-plouharnel.fr\/wp-content\/uploads\/2022\/02\/alignements-de-carnac-1024x683.jpg 1024w, https:\/\/location-plouharnel.fr\/wp-content\/uploads\/2022\/02\/alignements-de-carnac-300x200.jpg 300w, https:\/\/location-plouharnel.fr\/wp-content\/uploads\/2022\/02\/alignements-de-carnac-768x512.jpg 768w, https:\/\/location-plouharnel.fr\/wp-content\/uploads\/2022\/02\/alignements-de-carnac-1536x1024.jpg 1536w, https:\/\/location-plouharnel.fr\/wp-content\/uploads\/2022\/02\/alignements-de-carnac.jpg 1920w\" sizes=\"auto, (max-width: 1024px) 100vw, 1024px\" \/><\/figure>\n\n\n\n<figure class=\"wp-block-image size-large\"><img loading=\"lazy\" decoding=\"async\" width=\"1024\" height=\"767\" data-id=\"178\" src=\"https:\/\/location-plouharnel.fr\/wp-content\/uploads\/2022\/02\/port-de-la-trinite-sur-mer-1024x767.jpg\" alt=\"\" class=\"wp-image-178\" srcset=\"https:\/\/location-plouharnel.fr\/wp-content\/uploads\/2022\/02\/port-de-la-trinite-sur-mer-1024x767.jpg 1024w, https:\/\/location-plouharnel.fr\/wp-content\/uploads\/2022\/02\/port-de-la-trinite-sur-mer-300x225.jpg 300w, https:\/\/location-plouharnel.fr\/wp-content\/uploads\/2022\/02\/port-de-la-trinite-sur-mer-768x576.jpg 768w, https:\/\/location-plouharnel.fr\/wp-content\/uploads\/2022\/02\/port-de-la-trinite-sur-mer-1536x1151.jpg 1536w, https:\/\/location-plouharnel.fr\/wp-content\/uploads\/2022\/02\/port-de-la-trinite-sur-mer.jpg 1920w\" sizes=\"auto, (max-width: 1024px) 100vw, 1024px\" \/><\/figure>\n\n\n\n<figure class=\"wp-block-image size-large\"><img loading=\"lazy\" decoding=\"async\" width=\"1024\" height=\"683\" data-id=\"177\" src=\"https:\/\/location-plouharnel.fr\/wp-content\/uploads\/2022\/02\/ria-detel-1024x683.jpg\" alt=\"\" class=\"wp-image-177\" srcset=\"https:\/\/location-plouharnel.fr\/wp-content\/uploads\/2022\/02\/ria-detel-1024x683.jpg 1024w, https:\/\/location-plouharnel.fr\/wp-content\/uploads\/2022\/02\/ria-detel-300x200.jpg 300w, https:\/\/location-plouharnel.fr\/wp-content\/uploads\/2022\/02\/ria-detel-768x512.jpg 768w, https:\/\/location-plouharnel.fr\/wp-content\/uploads\/2022\/02\/ria-detel-1536x1024.jpg 1536w, https:\/\/location-plouharnel.fr\/wp-content\/uploads\/2022\/02\/ria-detel.jpg 1920w\" sizes=\"auto, (max-width: 1024px) 100vw, 1024px\" \/><\/figure>\n\n\n\n<figure class=\"wp-block-image size-large is-style-default\"><img loading=\"lazy\" decoding=\"async\" width=\"1024\" height=\"768\" data-id=\"176\" src=\"https:\/\/location-plouharnel.fr\/wp-content\/uploads\/2022\/02\/st-goustan-1024x768.jpg\" alt=\"\" class=\"wp-image-176\" srcset=\"https:\/\/location-plouharnel.fr\/wp-content\/uploads\/2022\/02\/st-goustan-1024x768.jpg 1024w, https:\/\/location-plouharnel.fr\/wp-content\/uploads\/2022\/02\/st-goustan-300x225.jpg 300w, https:\/\/location-plouharnel.fr\/wp-content\/uploads\/2022\/02\/st-goustan-768x576.jpg 768w, https:\/\/location-plouharnel.fr\/wp-content\/uploads\/2022\/02\/st-goustan-1536x1152.jpg 1536w, https:\/\/location-plouharnel.fr\/wp-content\/uploads\/2022\/02\/st-goustan.jpg 1920w\" sizes=\"auto, (max-width: 1024px) 100vw, 1024px\" \/><\/figure>\n<\/figure>\n\n\n\n<div style=\"height:20px\" aria-hidden=\"true\" class=\"wp-block-spacer\"><\/div>\n\n\n\n<p><strong>Et pour les amoureux de la mer ?<\/strong> Les quelques 900km de littoral morbihannais vont faire des heureux. A chaque pas, le paysage change et offre \u00e0 ceux qui sauront observer des d\u00e9cors \u00e0 couper le souffle ! Entre presqu&#8217;iles rocheuses, <a href=\"https:\/\/www.baiedequiberon.bzh\/cote-sauvage-quiberon\" target=\"_blank\" rel=\"noreferrer noopener\">c\u00f4te sauvage<\/a>, criques \u00e0 l&#8217;abri des regards indiscrets et plage de sable fin, chacun pourra y trouver son compte !<\/p>\n\n\n\n<figure class=\"wp-block-gallery has-nested-images columns-default is-cropped wp-block-gallery-2 is-layout-flex wp-block-gallery-is-layout-flex\">\n<figure class=\"wp-block-image size-large\"><img loading=\"lazy\" decoding=\"async\" width=\"1920\" height=\"1200\" data-id=\"190\" src=\"http:\/\/location-plouharnel.fr\/wp-content\/uploads\/2022\/02\/vagues.jpg\" alt=\"\" class=\"wp-image-190\" srcset=\"https:\/\/location-plouharnel.fr\/wp-content\/uploads\/2022\/02\/vagues.jpg 1920w, https:\/\/location-plouharnel.fr\/wp-content\/uploads\/2022\/02\/vagues-300x188.jpg 300w, https:\/\/location-plouharnel.fr\/wp-content\/uploads\/2022\/02\/vagues-1024x640.jpg 1024w, https:\/\/location-plouharnel.fr\/wp-content\/uploads\/2022\/02\/vagues-768x480.jpg 768w, https:\/\/location-plouharnel.fr\/wp-content\/uploads\/2022\/02\/vagues-1536x960.jpg 1536w\" sizes=\"auto, (max-width: 1920px) 100vw, 1920px\" \/><\/figure>\n\n\n\n<figure class=\"wp-block-image size-large\"><img loading=\"lazy\" decoding=\"async\" width=\"1920\" height=\"1080\" data-id=\"188\" src=\"http:\/\/location-plouharnel.fr\/wp-content\/uploads\/2022\/02\/cote-sauvage-quiberon.jpg\" alt=\"\" class=\"wp-image-188\" srcset=\"https:\/\/location-plouharnel.fr\/wp-content\/uploads\/2022\/02\/cote-sauvage-quiberon.jpg 1920w, https:\/\/location-plouharnel.fr\/wp-content\/uploads\/2022\/02\/cote-sauvage-quiberon-300x169.jpg 300w, https:\/\/location-plouharnel.fr\/wp-content\/uploads\/2022\/02\/cote-sauvage-quiberon-1024x576.jpg 1024w, https:\/\/location-plouharnel.fr\/wp-content\/uploads\/2022\/02\/cote-sauvage-quiberon-768x432.jpg 768w, https:\/\/location-plouharnel.fr\/wp-content\/uploads\/2022\/02\/cote-sauvage-quiberon-1536x864.jpg 1536w\" sizes=\"auto, (max-width: 1920px) 100vw, 1920px\" \/><\/figure>\n\n\n\n<figure class=\"wp-block-image size-large\"><img loading=\"lazy\" decoding=\"async\" width=\"1920\" height=\"1281\" data-id=\"189\" src=\"http:\/\/location-plouharnel.fr\/wp-content\/uploads\/2022\/02\/plage.jpg\" alt=\"\" class=\"wp-image-189\" srcset=\"https:\/\/location-plouharnel.fr\/wp-content\/uploads\/2022\/02\/plage.jpg 1920w, https:\/\/location-plouharnel.fr\/wp-content\/uploads\/2022\/02\/plage-300x200.jpg 300w, https:\/\/location-plouharnel.fr\/wp-content\/uploads\/2022\/02\/plage-1024x683.jpg 1024w, https:\/\/location-plouharnel.fr\/wp-content\/uploads\/2022\/02\/plage-768x512.jpg 768w, https:\/\/location-plouharnel.fr\/wp-content\/uploads\/2022\/02\/plage-1536x1025.jpg 1536w\" sizes=\"auto, (max-width: 1920px) 100vw, 1920px\" \/><\/figure>\n\n\n\n<figure class=\"wp-block-image size-large\"><img loading=\"lazy\" decoding=\"async\" width=\"1920\" height=\"1283\" data-id=\"191\" src=\"http:\/\/location-plouharnel.fr\/wp-content\/uploads\/2022\/02\/cote-sauvage.jpg\" alt=\"\" class=\"wp-image-191\" srcset=\"https:\/\/location-plouharnel.fr\/wp-content\/uploads\/2022\/02\/cote-sauvage.jpg 1920w, https:\/\/location-plouharnel.fr\/wp-content\/uploads\/2022\/02\/cote-sauvage-300x200.jpg 300w, https:\/\/location-plouharnel.fr\/wp-content\/uploads\/2022\/02\/cote-sauvage-1024x684.jpg 1024w, https:\/\/location-plouharnel.fr\/wp-content\/uploads\/2022\/02\/cote-sauvage-768x513.jpg 768w, https:\/\/location-plouharnel.fr\/wp-content\/uploads\/2022\/02\/cote-sauvage-1536x1026.jpg 1536w\" sizes=\"auto, (max-width: 1920px) 100vw, 1920px\" \/><\/figure>\n<\/figure>\n\n\n\n<div style=\"height:20px\" aria-hidden=\"true\" class=\"wp-block-spacer\"><\/div>\n\n\n\n<p><strong>D\u00e9couvrir le Morbihan<\/strong> c&#8217;est aussi possible gr\u00e2ce au grand nombre de chemins p\u00e9destre existants ! A pied, \u00e0 v\u00e9lo ou encore \u00e0 cheval, tout est fait pour que vous profitiez au maximum de l&#8217;air marin et de la beaut\u00e9 du littoral. <\/p>\n\n\n\n<h2 class=\"wp-block-heading\" id=\"n-hesitez-pas-a-aller-encore-plus-loin\">N&#8217;h\u00e9sitez pas \u00e0 aller encore plus loin ! <\/h2>\n\n\n\n<p>Lors de vos balades, en observant l&#8217;horizon vous pourrez apercevoir nos \u00eeles qui peuplent le paysage morbihannais. Pourquoi ne pas y faire un tour, le temps d&#8217;une apr\u00e8s midi ou d&#8217;une journ\u00e9e? <a href=\"https:\/\/www.belle-ile.com\/\" target=\"_blank\" rel=\"noreferrer noopener\">Belle \u00eele<\/a>, Groix, <a href=\"https:\/\/www.baiedequiberon.bzh\/houat-et-hoedic\" target=\"_blank\" rel=\"noreferrer noopener\">Hoedic &amp; Houat<\/a> depuis le port de Quiberon mais aussi <a href=\"https:\/\/www.morbihan.com\/accueil\/cote-mer\/les-iles-terres-du-large\/ile-aux-moines\" target=\"_blank\" rel=\"noreferrer noopener\">l&#8217;\u00eele aux Moines<\/a> et <a href=\"https:\/\/www.mairie-iledarz.fr\/\" target=\"_blank\" rel=\"noreferrer noopener\">l&#8217;\u00efle d&#8217;Arz<\/a> regorgent de tr\u00e9sors !<\/p>\n\n\n\n<figure class=\"wp-block-gallery has-nested-images columns-default is-cropped wp-block-gallery-3 is-layout-flex wp-block-gallery-is-layout-flex\">\n<figure class=\"wp-block-image size-large\"><img loading=\"lazy\" decoding=\"async\" width=\"1024\" height=\"576\" data-id=\"201\" src=\"https:\/\/location-plouharnel.fr\/wp-content\/uploads\/2022\/02\/belle-ile-1024x576.jpg\" alt=\"\" class=\"wp-image-201\" srcset=\"https:\/\/location-plouharnel.fr\/wp-content\/uploads\/2022\/02\/belle-ile-1024x576.jpg 1024w, https:\/\/location-plouharnel.fr\/wp-content\/uploads\/2022\/02\/belle-ile-300x169.jpg 300w, https:\/\/location-plouharnel.fr\/wp-content\/uploads\/2022\/02\/belle-ile-768x432.jpg 768w, https:\/\/location-plouharnel.fr\/wp-content\/uploads\/2022\/02\/belle-ile-1536x864.jpg 1536w, https:\/\/location-plouharnel.fr\/wp-content\/uploads\/2022\/02\/belle-ile.jpg 2000w\" sizes=\"auto, (max-width: 1024px) 100vw, 1024px\" \/><\/figure>\n\n\n\n<figure class=\"wp-block-image size-large\"><img loading=\"lazy\" decoding=\"async\" width=\"1024\" height=\"683\" data-id=\"202\" src=\"https:\/\/location-plouharnel.fr\/wp-content\/uploads\/2022\/02\/houat-1024x683.jpg\" alt=\"\" class=\"wp-image-202\" srcset=\"https:\/\/location-plouharnel.fr\/wp-content\/uploads\/2022\/02\/houat-1024x683.jpg 1024w, https:\/\/location-plouharnel.fr\/wp-content\/uploads\/2022\/02\/houat-300x200.jpg 300w, https:\/\/location-plouharnel.fr\/wp-content\/uploads\/2022\/02\/houat-768x512.jpg 768w, https:\/\/location-plouharnel.fr\/wp-content\/uploads\/2022\/02\/houat-1536x1025.jpg 1536w, https:\/\/location-plouharnel.fr\/wp-content\/uploads\/2022\/02\/houat.jpg 1920w\" sizes=\"auto, (max-width: 1024px) 100vw, 1024px\" \/><\/figure>\n<\/figure>\n\n\n\n<div style=\"height:50px\" aria-hidden=\"true\" class=\"wp-block-spacer\"><\/div>\n\n\n\n<h2 class=\"has-text-align-center wp-block-heading\" id=\"decouvrir-le-morbihan-c-est-bien-alors-n-hesitez-plus\">D\u00e9couvrir le Morbihan c&#8217;est bien, alors n&#8217;h\u00e9sitez plus !<\/h2>\n\n\n\n<div class=\"wp-block-buttons is-layout-flex wp-block-buttons-is-layout-flex\">\n<div class=\"wp-block-button aligncenter\"><a class=\"wp-block-button__link\">D\u00e9couvrir nos disponibilit\u00e9s<\/a><\/div>\n<\/div>\n","protected":false},"excerpt":{"rendered":"<p>Parce qu&#8217;en Bretagne, il ne pleut que sur les c***, abandonnez vos pr\u00e9jug\u00e9s et venez prendre un grand bol d&#8217;air frais ! Cap sur la Bretagne Sud, \u00e0 la d\u00e9couverte du Morbihan, qui vous r\u00e9serve bien des surprises ! Aventuriers, curieux, amoureux de paysages incroyables et de randonn\u00e9es inoubliables, le Morbihan offre des exp\u00e9riences pour &#8230; <a title=\"D\u00e9couvrir le Morbihan\" class=\"read-more\" href=\"https:\/\/location-plouharnel.fr\/index.php\/decouvrir-le-morbihan\/\" aria-label=\"En savoir plus sur D\u00e9couvrir le Morbihan\">Lire la suite<\/a><\/p>\n","protected":false},"author":1,"featured_media":0,"parent":0,"menu_order":0,"comment_status":"closed","ping_status":"closed","template":"","meta":{"_acf_changed":false,"_uag_custom_page_level_css":"","footnotes":""},"class_list":["post-151","page","type-page","status-publish"],"acf":[],"yoast_head":"<!-- This site is optimized with the Yoast SEO plugin v25.0 - https:\/\/yoast.com\/wordpress\/plugins\/seo\/ -->\n<title>D\u00e9couvrir le Morbihan - Grain de Swell<\/title>\n<meta name=\"description\" content=\"Cap sur la Bretagne Sud, \u00e0 la d\u00e9couverte du Morbihan, qui vous r\u00e9serve bien des surprises ! Aventuriers, curieux, amoureux de paysages incroyables et de randonn\u00e9es inoubliables, le Morbihan offre des exp\u00e9riences pour tous ceux qui souhaitent venir le d\u00e9couvrir !\" \/>\n<meta name=\"robots\" content=\"index, follow, max-snippet:-1, max-image-preview:large, max-video-preview:-1\" \/>\n<link rel=\"canonical\" href=\"https:\/\/location-plouharnel.fr\/index.php\/decouvrir-le-morbihan\/\" \/>\n<meta property=\"og:locale\" content=\"fr_FR\" \/>\n<meta property=\"og:type\" content=\"article\" \/>\n<meta property=\"og:title\" content=\"D\u00e9couvrir le Morbihan - Grain de Swell\" \/>\n<meta property=\"og:description\" content=\"Cap sur la Bretagne Sud, \u00e0 la d\u00e9couverte du Morbihan, qui vous r\u00e9serve bien des surprises ! Aventuriers, curieux, amoureux de paysages incroyables et de randonn\u00e9es inoubliables, le Morbihan offre des exp\u00e9riences pour tous ceux qui souhaitent venir le d\u00e9couvrir !\" \/>\n<meta property=\"og:url\" content=\"https:\/\/location-plouharnel.fr\/index.php\/decouvrir-le-morbihan\/\" \/>\n<meta property=\"og:site_name\" content=\"Grain de Swell\" \/>\n<meta property=\"article:modified_time\" content=\"2022-02-11T13:38:41+00:00\" \/>\n<meta property=\"og:image\" content=\"https:\/\/location-plouharnel.fr\/wp-content\/uploads\/2022\/02\/ocean-g69e925e56-1920-1024x576.jpg\" \/>\n<meta name=\"twitter:card\" content=\"summary_large_image\" \/>\n<meta name=\"twitter:label1\" content=\"Dur\u00e9e de lecture estim\u00e9e\" \/>\n\t<meta name=\"twitter:data1\" content=\"5 minutes\" \/>\n<script type=\"application\/ld+json\" class=\"yoast-schema-graph\">{\"@context\":\"https:\/\/schema.org\",\"@graph\":[{\"@type\":\"WebPage\",\"@id\":\"https:\/\/location-plouharnel.fr\/index.php\/decouvrir-le-morbihan\/\",\"url\":\"https:\/\/location-plouharnel.fr\/index.php\/decouvrir-le-morbihan\/\",\"name\":\"D\u00e9couvrir le Morbihan - Grain de Swell\",\"isPartOf\":{\"@id\":\"https:\/\/location-plouharnel.fr\/#website\"},\"primaryImageOfPage\":{\"@id\":\"https:\/\/location-plouharnel.fr\/index.php\/decouvrir-le-morbihan\/#primaryimage\"},\"image\":{\"@id\":\"https:\/\/location-plouharnel.fr\/index.php\/decouvrir-le-morbihan\/#primaryimage\"},\"thumbnailUrl\":\"https:\/\/location-plouharnel.fr\/wp-content\/uploads\/2022\/02\/ocean-g69e925e56-1920-1024x576.jpg\",\"datePublished\":\"2022-02-10T13:08:45+00:00\",\"dateModified\":\"2022-02-11T13:38:41+00:00\",\"description\":\"Cap sur la Bretagne Sud, \u00e0 la d\u00e9couverte du Morbihan, qui vous r\u00e9serve bien des surprises ! Aventuriers, curieux, amoureux de paysages incroyables et de randonn\u00e9es inoubliables, le Morbihan offre des exp\u00e9riences pour tous ceux qui souhaitent venir le d\u00e9couvrir !\",\"breadcrumb\":{\"@id\":\"https:\/\/location-plouharnel.fr\/index.php\/decouvrir-le-morbihan\/#breadcrumb\"},\"inLanguage\":\"fr-FR\",\"potentialAction\":[{\"@type\":\"ReadAction\",\"target\":[\"https:\/\/location-plouharnel.fr\/index.php\/decouvrir-le-morbihan\/\"]}]},{\"@type\":\"ImageObject\",\"inLanguage\":\"fr-FR\",\"@id\":\"https:\/\/location-plouharnel.fr\/index.php\/decouvrir-le-morbihan\/#primaryimage\",\"url\":\"https:\/\/location-plouharnel.fr\/wp-content\/uploads\/2022\/02\/ocean-g69e925e56-1920.jpg\",\"contentUrl\":\"https:\/\/location-plouharnel.fr\/wp-content\/uploads\/2022\/02\/ocean-g69e925e56-1920.jpg\",\"width\":1920,\"height\":1080},{\"@type\":\"BreadcrumbList\",\"@id\":\"https:\/\/location-plouharnel.fr\/index.php\/decouvrir-le-morbihan\/#breadcrumb\",\"itemListElement\":[{\"@type\":\"ListItem\",\"position\":1,\"name\":\"Accueil\",\"item\":\"https:\/\/location-plouharnel.fr\/\"},{\"@type\":\"ListItem\",\"position\":2,\"name\":\"D\u00e9couvrir le Morbihan\"}]},{\"@type\":\"WebSite\",\"@id\":\"https:\/\/location-plouharnel.fr\/#website\",\"url\":\"https:\/\/location-plouharnel.fr\/\",\"name\":\"Grain de Swell\",\"description\":\"\",\"publisher\":{\"@id\":\"https:\/\/location-plouharnel.fr\/#organization\"},\"potentialAction\":[{\"@type\":\"SearchAction\",\"target\":{\"@type\":\"EntryPoint\",\"urlTemplate\":\"https:\/\/location-plouharnel.fr\/?s={search_term_string}\"},\"query-input\":{\"@type\":\"PropertyValueSpecification\",\"valueRequired\":true,\"valueName\":\"search_term_string\"}}],\"inLanguage\":\"fr-FR\"},{\"@type\":\"Organization\",\"@id\":\"https:\/\/location-plouharnel.fr\/#organization\",\"name\":\"Grain de Swell\",\"url\":\"https:\/\/location-plouharnel.fr\/\",\"logo\":{\"@type\":\"ImageObject\",\"inLanguage\":\"fr-FR\",\"@id\":\"https:\/\/location-plouharnel.fr\/#\/schema\/logo\/image\/\",\"url\":\"https:\/\/location-plouharnel.fr\/wp-content\/uploads\/2022\/10\/cropped-logo-grain-de-swell.png\",\"contentUrl\":\"https:\/\/location-plouharnel.fr\/wp-content\/uploads\/2022\/10\/cropped-logo-grain-de-swell.png\",\"width\":6300,\"height\":3203,\"caption\":\"Grain de Swell\"},\"image\":{\"@id\":\"https:\/\/location-plouharnel.fr\/#\/schema\/logo\/image\/\"}}]}<\/script>\n<!-- \/ Yoast SEO plugin. -->","yoast_head_json":{"title":"D\u00e9couvrir le Morbihan - Grain de Swell","description":"Cap sur la Bretagne Sud, \u00e0 la d\u00e9couverte du Morbihan, qui vous r\u00e9serve bien des surprises ! Aventuriers, curieux, amoureux de paysages incroyables et de randonn\u00e9es inoubliables, le Morbihan offre des exp\u00e9riences pour tous ceux qui souhaitent venir le d\u00e9couvrir !","robots":{"index":"index","follow":"follow","max-snippet":"max-snippet:-1","max-image-preview":"max-image-preview:large","max-video-preview":"max-video-preview:-1"},"canonical":"https:\/\/location-plouharnel.fr\/index.php\/decouvrir-le-morbihan\/","og_locale":"fr_FR","og_type":"article","og_title":"D\u00e9couvrir le Morbihan - Grain de Swell","og_description":"Cap sur la Bretagne Sud, \u00e0 la d\u00e9couverte du Morbihan, qui vous r\u00e9serve bien des surprises ! Aventuriers, curieux, amoureux de paysages incroyables et de randonn\u00e9es inoubliables, le Morbihan offre des exp\u00e9riences pour tous ceux qui souhaitent venir le d\u00e9couvrir !","og_url":"https:\/\/location-plouharnel.fr\/index.php\/decouvrir-le-morbihan\/","og_site_name":"Grain de Swell","article_modified_time":"2022-02-11T13:38:41+00:00","og_image":[{"url":"https:\/\/location-plouharnel.fr\/wp-content\/uploads\/2022\/02\/ocean-g69e925e56-1920-1024x576.jpg","type":"","width":"","height":""}],"twitter_card":"summary_large_image","twitter_misc":{"Dur\u00e9e de lecture estim\u00e9e":"5 minutes"},"schema":{"@context":"https:\/\/schema.org","@graph":[{"@type":"WebPage","@id":"https:\/\/location-plouharnel.fr\/index.php\/decouvrir-le-morbihan\/","url":"https:\/\/location-plouharnel.fr\/index.php\/decouvrir-le-morbihan\/","name":"D\u00e9couvrir le Morbihan - Grain de Swell","isPartOf":{"@id":"https:\/\/location-plouharnel.fr\/#website"},"primaryImageOfPage":{"@id":"https:\/\/location-plouharnel.fr\/index.php\/decouvrir-le-morbihan\/#primaryimage"},"image":{"@id":"https:\/\/location-plouharnel.fr\/index.php\/decouvrir-le-morbihan\/#primaryimage"},"thumbnailUrl":"https:\/\/location-plouharnel.fr\/wp-content\/uploads\/2022\/02\/ocean-g69e925e56-1920-1024x576.jpg","datePublished":"2022-02-10T13:08:45+00:00","dateModified":"2022-02-11T13:38:41+00:00","description":"Cap sur la Bretagne Sud, \u00e0 la d\u00e9couverte du Morbihan, qui vous r\u00e9serve bien des surprises ! Aventuriers, curieux, amoureux de paysages incroyables et de randonn\u00e9es inoubliables, le Morbihan offre des exp\u00e9riences pour tous ceux qui souhaitent venir le d\u00e9couvrir !","breadcrumb":{"@id":"https:\/\/location-plouharnel.fr\/index.php\/decouvrir-le-morbihan\/#breadcrumb"},"inLanguage":"fr-FR","potentialAction":[{"@type":"ReadAction","target":["https:\/\/location-plouharnel.fr\/index.php\/decouvrir-le-morbihan\/"]}]},{"@type":"ImageObject","inLanguage":"fr-FR","@id":"https:\/\/location-plouharnel.fr\/index.php\/decouvrir-le-morbihan\/#primaryimage","url":"https:\/\/location-plouharnel.fr\/wp-content\/uploads\/2022\/02\/ocean-g69e925e56-1920.jpg","contentUrl":"https:\/\/location-plouharnel.fr\/wp-content\/uploads\/2022\/02\/ocean-g69e925e56-1920.jpg","width":1920,"height":1080},{"@type":"BreadcrumbList","@id":"https:\/\/location-plouharnel.fr\/index.php\/decouvrir-le-morbihan\/#breadcrumb","itemListElement":[{"@type":"ListItem","position":1,"name":"Accueil","item":"https:\/\/location-plouharnel.fr\/"},{"@type":"ListItem","position":2,"name":"D\u00e9couvrir le Morbihan"}]},{"@type":"WebSite","@id":"https:\/\/location-plouharnel.fr\/#website","url":"https:\/\/location-plouharnel.fr\/","name":"Grain de Swell","description":"","publisher":{"@id":"https:\/\/location-plouharnel.fr\/#organization"},"potentialAction":[{"@type":"SearchAction","target":{"@type":"EntryPoint","urlTemplate":"https:\/\/location-plouharnel.fr\/?s={search_term_string}"},"query-input":{"@type":"PropertyValueSpecification","valueRequired":true,"valueName":"search_term_string"}}],"inLanguage":"fr-FR"},{"@type":"Organization","@id":"https:\/\/location-plouharnel.fr\/#organization","name":"Grain de Swell","url":"https:\/\/location-plouharnel.fr\/","logo":{"@type":"ImageObject","inLanguage":"fr-FR","@id":"https:\/\/location-plouharnel.fr\/#\/schema\/logo\/image\/","url":"https:\/\/location-plouharnel.fr\/wp-content\/uploads\/2022\/10\/cropped-logo-grain-de-swell.png","contentUrl":"https:\/\/location-plouharnel.fr\/wp-content\/uploads\/2022\/10\/cropped-logo-grain-de-swell.png","width":6300,"height":3203,"caption":"Grain de Swell"},"image":{"@id":"https:\/\/location-plouharnel.fr\/#\/schema\/logo\/image\/"}}]}},"uagb_featured_image_src":{"full":false,"thumbnail":false,"medium":false,"medium_large":false,"large":false,"1536x1536":false,"2048x2048":false},"uagb_author_info":{"display_name":"admin2977","author_link":"https:\/\/location-plouharnel.fr\/index.php\/author\/admin2977\/"},"uagb_comment_info":0,"uagb_excerpt":"Parce qu&#8217;en Bretagne, il ne pleut que sur les c***, abandonnez vos pr\u00e9jug\u00e9s et venez prendre un grand bol d&#8217;air frais ! Cap sur la Bretagne Sud, \u00e0 la d\u00e9couverte du Morbihan, qui vous r\u00e9serve bien des surprises ! Aventuriers, curieux, amoureux de paysages incroyables et de randonn\u00e9es inoubliables, le Morbihan offre des exp\u00e9riences pour\u2026","_links":{"self":[{"href":"https:\/\/location-plouharnel.fr\/index.php\/wp-json\/wp\/v2\/pages\/151","targetHints":{"allow":["GET"]}}],"collection":[{"href":"https:\/\/location-plouharnel.fr\/index.php\/wp-json\/wp\/v2\/pages"}],"about":[{"href":"https:\/\/location-plouharnel.fr\/index.php\/wp-json\/wp\/v2\/types\/page"}],"author":[{"embeddable":true,"href":"https:\/\/location-plouharnel.fr\/index.php\/wp-json\/wp\/v2\/users\/1"}],"replies":[{"embeddable":true,"href":"https:\/\/location-plouharnel.fr\/index.php\/wp-json\/wp\/v2\/comments?post=151"}],"version-history":[{"count":32,"href":"https:\/\/location-plouharnel.fr\/index.php\/wp-json\/wp\/v2\/pages\/151\/revisions"}],"predecessor-version":[{"id":213,"href":"https:\/\/location-plouharnel.fr\/index.php\/wp-json\/wp\/v2\/pages\/151\/revisions\/213"}],"wp:attachment":[{"href":"https:\/\/location-plouharnel.fr\/index.php\/wp-json\/wp\/v2\/media?parent=151"}],"curies":[{"name":"wp","href":"https:\/\/api.w.org\/{rel}","templated":true}]}}